{"id":2,"date":"2017-01-16T12:31:33","date_gmt":"2017-01-16T11:31:33","guid":{"rendered":"https:\/\/www.avalanche-fashion.be\/?page_id=2"},"modified":"2026-01-11T16:29:03","modified_gmt":"2026-01-11T15:29:03","slug":"accueil","status":"publish","type":"page","link":"https:\/\/www.avalanche-fashion.be\/","title":{"rendered":"ACCUEIL"},"content":{"rendered":"<div class=\"wpb-content-wrapper\">[vc_row full_width=\u00a0\u00bbstretch_row\u00a0\u00bb full_height=\u00a0\u00bbyes\u00a0\u00bb wpex_fixed_bg=\u00a0\u00bbfixed\u00a0\u00bb wpex_bg_overlay=\u00a0\u00bbdark\u00a0\u00bb css=\u00a0\u00bb.vc_custom_1737924663409{padding-top: 150px !important;padding-bottom: 150px !important;background: #222222 url(https:\/\/www.avalanche-fashion.be\/files\/2024\/02\/bg-avalanche-2024.webp?id=3155) !important;background-position: center !important;background-repeat: no-repeat !important;background-size: cover !important;}\u00a0\u00bb el_class=\u00a0\u00bbwpex-bg-accent\u00a0\u00bb el_id=\u00a0\u00bbpc\u00a0\u00bb wpex_bg_overlay_opacity=\u00a0\u00bb20%\u00a0\u00bb][vc_column][\/vc_column][\/vc_row][vc_row center_row=\u00a0\u00bbyes\u00a0\u00bb local_scroll_id=\u00a0\u00bbanimals\u00a0\u00bb][vc_column]<div class=\"vcex-spacing wpex-w-100 wpex-clear\"><\/div>[\/vc_column][\/vc_row][vc_row center_row=\u00a0\u00bbyes\u00a0\u00bb css=\u00a0\u00bb.vc_custom_1709563639188{margin-top: 20px !important;margin-bottom: 10px !important;}\u00a0\u00bb][vc_column width=\u00a0\u00bb1\/3&Prime;][vc_single_image image=\u00a0\u00bb3756&Prime; img_size=\u00a0\u00bb320&#215;500&Prime; alignment=\u00a0\u00bbleft\u00a0\u00bb onclick=\u00a0\u00bbcustom_link\u00a0\u00bb css=\u00a0\u00bb\u00a0\u00bb img_hover=\u00a0\u00bbopacity\u00a0\u00bb link=\u00a0\u00bbhttps:\/\/www.avalanche-fashion.be\/collection\/\u00a0\u00bb]<div class=\"vcex-spacing wpex-w-100 wpex-clear\" style=\"height:20px;\"><\/div><style>.vcex-heading.vcex_69ef54ddee7a5{font-size:18px;font-family:'Maven Pro';}<\/style><div class=\"vcex-heading vcex-heading-plain vcex-module wpex-heading wpex-text-2xl wpex-text-center vcex_69ef54ddee7a5\"><a href=\"https:\/\/www.avalanche-fashion.be\/collection\/\" class=\"wpex-no-underline\" title=\"Projects\" target=\"_self\"><span class=\"vcex-heading-inner wpex-inline-block\">COLLECTION PRINTEMPS-ETE 2026<\/span><\/a><\/div><style>.vcex-heading.vcex_69ef54ddefab2{font-size:24px;font-family:Cookie;}<\/style><div class=\"vcex-heading vcex-heading-plain vcex-module wpex-heading wpex-text-2xl wpex-text-center vcex_69ef54ddefab2\"><a href=\"https:\/\/www.avalanche-fashion.be\/collection\/\" class=\"wpex-no-underline\" title=\"Consultez notre lookbook\" target=\"_self\"><span class=\"vcex-heading-inner wpex-inline-block\">Consultez notre lookbook<\/span><\/a><\/div>[\/vc_column][vc_column width=\u00a0\u00bb1\/3&Prime;][vc_single_image image=\u00a0\u00bb3732&Prime; img_size=\u00a0\u00bb320&#215;500&Prime; alignment=\u00a0\u00bbcenter\u00a0\u00bb onclick=\u00a0\u00bbcustom_link\u00a0\u00bb css=\u00a0\u00bb\u00a0\u00bb img_hover=\u00a0\u00bbopacity\u00a0\u00bb link=\u00a0\u00bbhttps:\/\/www.instagram.com\/avalanchecollection\/\u00a0\u00bb]<div class=\"vcex-spacing wpex-w-100 wpex-clear\" style=\"height:20px;\"><\/div><style>.vcex-heading.vcex_69ef54ddf0340{font-size:18px;font-family:'Maven Pro';}<\/style><div class=\"vcex-heading vcex-heading-plain vcex-module wpex-heading wpex-text-2xl wpex-text-center vcex_69ef54ddf0340\"><a href=\"https:\/\/www.instagram.com\/avalanchecollection\/\" class=\"wpex-no-underline\" title=\"Projects\" target=\"_self\"><span class=\"vcex-heading-inner wpex-inline-block\">SUIVEZ-NOUS SUR INSTAGRAM<\/span><\/a><\/div><style>.vcex-heading.vcex_69ef54ddf08ea{font-size:24px;font-family:Cookie;}<\/style><div class=\"vcex-heading vcex-heading-plain vcex-module wpex-heading wpex-text-2xl wpex-text-center vcex_69ef54ddf08ea\"><a href=\"https:\/\/www.instagram.com\/avalanchecollection\/\" class=\"wpex-no-underline\" title=\"instagram\" target=\"_blank\" rel=\"noopener noreferrer\"><span class=\"vcex-heading-inner wpex-inline-block\">instagram.com\/avalanchecollection<\/span><\/a><\/div>[\/vc_column][vc_column width=\u00a0\u00bb1\/3&Prime;][vc_single_image image=\u00a0\u00bb3716&Prime; img_size=\u00a0\u00bb320&#215;500&Prime; alignment=\u00a0\u00bbright\u00a0\u00bb onclick=\u00a0\u00bbcustom_link\u00a0\u00bb css=\u00a0\u00bb\u00a0\u00bb img_hover=\u00a0\u00bbopacity\u00a0\u00bb link=\u00a0\u00bbhttps:\/\/www.avalanche-fashion.be\/reference-par-produit\/\u00a0\u00bb]<div class=\"vcex-spacing wpex-w-100 wpex-clear\" style=\"height:20px;\"><\/div><style>.vcex-heading.vcex_69ef54ddf0f42{font-size:18px;font-family:'Maven Pro';}<\/style><div class=\"vcex-heading vcex-heading-plain vcex-module wpex-heading wpex-text-2xl wpex-text-center vcex_69ef54ddf0f42\"><a href=\"https:\/\/www.avalanche-fashion.be\/collection\/\" class=\"wpex-no-underline\" title=\"Projects\" target=\"_self\"><span class=\"vcex-heading-inner wpex-inline-block\">R\u00c9F\u00c9RENCE PAR PRODUIT<\/span><\/a><\/div><style>.vcex-heading.vcex_69ef54ddf1494{font-size:24px;font-family:Cookie;}<\/style><div class=\"vcex-heading vcex-heading-plain vcex-module wpex-heading wpex-text-2xl wpex-text-center vcex_69ef54ddf1494\"><a href=\"https:\/\/www.avalanche-fashion.be\/collection\/\" class=\"wpex-no-underline\" title=\"collection\" target=\"_self\"><span class=\"vcex-heading-inner wpex-inline-block\">Collection printemps-\u00e9t\u00e9 2026<\/span><\/a><\/div>[\/vc_column][\/vc_row][vc_row center_row=\u00a0\u00bbyes\u00a0\u00bb css=\u00a0\u00bb.vc_custom_1709563533030{border-top-width: 1px !important;border-top-color: #e0e0e0 !important;border-top-style: solid !important;border-radius: 1px !important;}\u00a0\u00bb][vc_column][\/vc_column][\/vc_row]\n<\/div>","protected":false},"excerpt":{"rendered":"<p>[vc_row full_width=\u00a0\u00bbstretch_row\u00a0\u00bb full_height=\u00a0\u00bbyes\u00a0\u00bb wpex_fixed_bg=\u00a0\u00bbfixed\u00a0\u00bb wpex_bg_overlay=\u00a0\u00bbdark\u00a0\u00bb css=\u00a0\u00bb.vc_custom_1737924663409{padding-top: 150px !important;padding-bottom: 150px !important;background: #222222 url(https:\/\/www.avalanche-fashion.be\/files\/2024\/02\/bg-avalanche-2024.webp?id=3155) !important;background-position: center !important;background-repeat: no-repeat !important;background-size: cover !important;}\u00a0\u00bb el_class=\u00a0\u00bbwpex-bg-accent\u00a0\u00bb el_id=\u00a0\u00bbpc\u00a0\u00bb wpex_bg_overlay_opacity=\u00a0\u00bb20%\u00a0\u00bb][vc_column][\/vc_column][\/vc_row][vc_row center_row=\u00a0\u00bbyes\u00a0\u00bb local_scroll_id=\u00a0\u00bbanimals\u00a0\u00bb][vc_column][\/vc_column][\/vc_row][vc_row center_row=\u00a0\u00bbyes\u00a0\u00bb css=\u00a0\u00bb.vc_custom_1709563639188{margin-top: 20px !important;margin-bottom: 10px !important;}\u00a0\u00bb][vc_column width=\u00a0\u00bb1\/3&Prime;][vc_single_image image=\u00a0\u00bb3756&Prime; img_size=\u00a0\u00bb320&#215;500&Prime; alignment=\u00a0\u00bbleft\u00a0\u00bb onclick=\u00a0\u00bbcustom_link\u00a0\u00bb css=\u00a0\u00bb\u00a0\u00bb img_hover=\u00a0\u00bbopacity\u00a0\u00bb link=\u00a0\u00bbhttps:\/\/www.avalanche-fashion.be\/collection\/\u00a0\u00bb][\/vc_column][vc_column width=\u00a0\u00bb1\/3&Prime;][vc_single_image image=\u00a0\u00bb3732&Prime; img_size=\u00a0\u00bb320&#215;500&Prime; alignment=\u00a0\u00bbcenter\u00a0\u00bb onclick=\u00a0\u00bbcustom_link\u00a0\u00bb css=\u00a0\u00bb\u00a0\u00bb img_hover=\u00a0\u00bbopacity\u00a0\u00bb link=\u00a0\u00bbhttps:\/\/www.instagram.com\/avalanchecollection\/\u00a0\u00bb][\/vc_column][vc_column width=\u00a0\u00bb1\/3&Prime;][vc_single_image image=\u00a0\u00bb3716&Prime; img_size=\u00a0\u00bb320&#215;500&Prime; alignment=\u00a0\u00bbright\u00a0\u00bb onclick=\u00a0\u00bbcustom_link\u00a0\u00bb css=\u00a0\u00bb\u00a0\u00bb img_hover=\u00a0\u00bbopacity\u00a0\u00bb link=\u00a0\u00bbhttps:\/\/www.avalanche-fashion.be\/reference-par-produit\/\u00a0\u00bb][\/vc_column][\/vc_row][vc_row center_row=\u00a0\u00bbyes\u00a0\u00bb&hellip;<\/p>\n","protected":false},"author":1,"featured_media":0,"parent":0,"menu_order":0,"comment_status":"closed","ping_status":"closed","template":"","meta":{"footnotes":""},"class_list":["post-2","page","type-page","status-publish","hentry","entry","no-media"],"yoast_head":"<!-- This site is optimized with the Yoast SEO plugin v24.3 - https:\/\/yoast.com\/wordpress\/plugins\/seo\/ -->\n<title>Avalanche Belgian Label: v\u00eatement pour femme fabricant, grossiste<\/title>\n<meta name=\"description\" content=\"Avalanche Belgian Label, v\u00eatement femme avalanche collection, pr\u00eat-\u00e0-porter f\u00e9minin, fabricant, grossiste\" \/>\n<meta name=\"robots\" content=\"index, follow, max-snippet:-1, max-image-preview:large, max-video-preview:-1\" \/>\n<link rel=\"canonical\" href=\"https:\/\/www.avalanche-fashion.be\/\" \/>\n<meta property=\"og:locale\" content=\"fr_FR\" \/>\n<meta property=\"og:type\" content=\"article\" \/>\n<meta property=\"og:title\" content=\"Avalanche Belgian Label: v\u00eatement pour femme fabricant, grossiste\" \/>\n<meta property=\"og:description\" content=\"Avalanche Belgian Label, v\u00eatement femme avalanche collection, pr\u00eat-\u00e0-porter f\u00e9minin, fabricant, grossiste\" \/>\n<meta property=\"og:url\" content=\"https:\/\/www.avalanche-fashion.be\/\" \/>\n<meta property=\"og:site_name\" content=\"Avalanche Belgian Label: v\u00eatement pour femme fabricant, grossiste\" \/>\n<meta property=\"article:modified_time\" content=\"2026-01-11T15:29:03+00:00\" \/>\n<meta name=\"twitter:card\" content=\"summary_large_image\" \/>\n<meta name=\"twitter:label1\" content=\"Dur\u00e9e de lecture estim\u00e9e\" \/>\n\t<meta name=\"twitter:data1\" content=\"1 minute\" \/>\n<script type=\"application\/ld+json\" class=\"yoast-schema-graph\">{\"@context\":\"https:\/\/schema.org\",\"@graph\":[{\"@type\":\"WebPage\",\"@id\":\"https:\/\/www.avalanche-fashion.be\/\",\"url\":\"https:\/\/www.avalanche-fashion.be\/\",\"name\":\"Avalanche Belgian Label: v\u00eatement pour femme fabricant, grossiste\",\"isPartOf\":{\"@id\":\"https:\/\/www.avalanche-fashion.be\/#website\"},\"datePublished\":\"2017-01-16T11:31:33+00:00\",\"dateModified\":\"2026-01-11T15:29:03+00:00\",\"description\":\"Avalanche Belgian Label, v\u00eatement femme avalanche collection, pr\u00eat-\u00e0-porter f\u00e9minin, fabricant, grossiste\",\"breadcrumb\":{\"@id\":\"https:\/\/www.avalanche-fashion.be\/#breadcrumb\"},\"inLanguage\":\"fr-FR\",\"potentialAction\":[{\"@type\":\"ReadAction\",\"target\":[\"https:\/\/www.avalanche-fashion.be\/\"]}]},{\"@type\":\"BreadcrumbList\",\"@id\":\"https:\/\/www.avalanche-fashion.be\/#breadcrumb\",\"itemListElement\":[{\"@type\":\"ListItem\",\"position\":1,\"name\":\"Accueil\",\"item\":\"https:\/\/www.avalanche-fashion.be\/\"},{\"@type\":\"ListItem\",\"position\":2,\"name\":\"ACCUEIL\"}]},{\"@type\":\"WebSite\",\"@id\":\"https:\/\/www.avalanche-fashion.be\/#website\",\"url\":\"https:\/\/www.avalanche-fashion.be\/\",\"name\":\"Avalanche Belgian Label: v\u00eatement pour femme fabricant, grossiste\",\"description\":\"Avalanche Belgian Label\",\"publisher\":{\"@id\":\"https:\/\/www.avalanche-fashion.be\/#organization\"},\"potentialAction\":[{\"@type\":\"SearchAction\",\"target\":{\"@type\":\"EntryPoint\",\"urlTemplate\":\"https:\/\/www.avalanche-fashion.be\/?s={search_term_string}\"},\"query-input\":{\"@type\":\"PropertyValueSpecification\",\"valueRequired\":true,\"valueName\":\"search_term_string\"}}],\"inLanguage\":\"fr-FR\"},{\"@type\":\"Organization\",\"@id\":\"https:\/\/www.avalanche-fashion.be\/#organization\",\"name\":\"Avalanche Belgian Label: v\u00eatement pour femme fabricant, grossiste\",\"url\":\"https:\/\/www.avalanche-fashion.be\/\",\"logo\":{\"@type\":\"ImageObject\",\"inLanguage\":\"fr-FR\",\"@id\":\"https:\/\/www.avalanche-fashion.be\/#\/schema\/logo\/image\/\",\"url\":\"https:\/\/www.avalanche-fashion.be\/files\/2024\/02\/logo_avalanche_2024-noir.png\",\"contentUrl\":\"https:\/\/www.avalanche-fashion.be\/files\/2024\/02\/logo_avalanche_2024-noir.png\",\"width\":290,\"height\":68,\"caption\":\"Avalanche Belgian Label: v\u00eatement pour femme fabricant, grossiste\"},\"image\":{\"@id\":\"https:\/\/www.avalanche-fashion.be\/#\/schema\/logo\/image\/\"}}]}<\/script>\n<!-- \/ Yoast SEO plugin. -->","yoast_head_json":{"title":"Avalanche Belgian Label: v\u00eatement pour femme fabricant, grossiste","description":"Avalanche Belgian Label, v\u00eatement femme avalanche collection, pr\u00eat-\u00e0-porter f\u00e9minin, fabricant, grossiste","robots":{"index":"index","follow":"follow","max-snippet":"max-snippet:-1","max-image-preview":"max-image-preview:large","max-video-preview":"max-video-preview:-1"},"canonical":"https:\/\/www.avalanche-fashion.be\/","og_locale":"fr_FR","og_type":"article","og_title":"Avalanche Belgian Label: v\u00eatement pour femme fabricant, grossiste","og_description":"Avalanche Belgian Label, v\u00eatement femme avalanche collection, pr\u00eat-\u00e0-porter f\u00e9minin, fabricant, grossiste","og_url":"https:\/\/www.avalanche-fashion.be\/","og_site_name":"Avalanche Belgian Label: v\u00eatement pour femme fabricant, grossiste","article_modified_time":"2026-01-11T15:29:03+00:00","twitter_card":"summary_large_image","twitter_misc":{"Dur\u00e9e de lecture estim\u00e9e":"1 minute"},"schema":{"@context":"https:\/\/schema.org","@graph":[{"@type":"WebPage","@id":"https:\/\/www.avalanche-fashion.be\/","url":"https:\/\/www.avalanche-fashion.be\/","name":"Avalanche Belgian Label: v\u00eatement pour femme fabricant, grossiste","isPartOf":{"@id":"https:\/\/www.avalanche-fashion.be\/#website"},"datePublished":"2017-01-16T11:31:33+00:00","dateModified":"2026-01-11T15:29:03+00:00","description":"Avalanche Belgian Label, v\u00eatement femme avalanche collection, pr\u00eat-\u00e0-porter f\u00e9minin, fabricant, grossiste","breadcrumb":{"@id":"https:\/\/www.avalanche-fashion.be\/#breadcrumb"},"inLanguage":"fr-FR","potentialAction":[{"@type":"ReadAction","target":["https:\/\/www.avalanche-fashion.be\/"]}]},{"@type":"BreadcrumbList","@id":"https:\/\/www.avalanche-fashion.be\/#breadcrumb","itemListElement":[{"@type":"ListItem","position":1,"name":"Accueil","item":"https:\/\/www.avalanche-fashion.be\/"},{"@type":"ListItem","position":2,"name":"ACCUEIL"}]},{"@type":"WebSite","@id":"https:\/\/www.avalanche-fashion.be\/#website","url":"https:\/\/www.avalanche-fashion.be\/","name":"Avalanche Belgian Label: v\u00eatement pour femme fabricant, grossiste","description":"Avalanche Belgian Label","publisher":{"@id":"https:\/\/www.avalanche-fashion.be\/#organization"},"potentialAction":[{"@type":"SearchAction","target":{"@type":"EntryPoint","urlTemplate":"https:\/\/www.avalanche-fashion.be\/?s={search_term_string}"},"query-input":{"@type":"PropertyValueSpecification","valueRequired":true,"valueName":"search_term_string"}}],"inLanguage":"fr-FR"},{"@type":"Organization","@id":"https:\/\/www.avalanche-fashion.be\/#organization","name":"Avalanche Belgian Label: v\u00eatement pour femme fabricant, grossiste","url":"https:\/\/www.avalanche-fashion.be\/","logo":{"@type":"ImageObject","inLanguage":"fr-FR","@id":"https:\/\/www.avalanche-fashion.be\/#\/schema\/logo\/image\/","url":"https:\/\/www.avalanche-fashion.be\/files\/2024\/02\/logo_avalanche_2024-noir.png","contentUrl":"https:\/\/www.avalanche-fashion.be\/files\/2024\/02\/logo_avalanche_2024-noir.png","width":290,"height":68,"caption":"Avalanche Belgian Label: v\u00eatement pour femme fabricant, grossiste"},"image":{"@id":"https:\/\/www.avalanche-fashion.be\/#\/schema\/logo\/image\/"}}]}},"_links":{"self":[{"href":"https:\/\/www.avalanche-fashion.be\/rest\/wp\/v2\/pages\/2","targetHints":{"allow":["GET"]}}],"collection":[{"href":"https:\/\/www.avalanche-fashion.be\/rest\/wp\/v2\/pages"}],"about":[{"href":"https:\/\/www.avalanche-fashion.be\/rest\/wp\/v2\/types\/page"}],"author":[{"embeddable":true,"href":"https:\/\/www.avalanche-fashion.be\/rest\/wp\/v2\/users\/1"}],"replies":[{"embeddable":true,"href":"https:\/\/www.avalanche-fashion.be\/rest\/wp\/v2\/comments?post=2"}],"version-history":[{"count":2,"href":"https:\/\/www.avalanche-fashion.be\/rest\/wp\/v2\/pages\/2\/revisions"}],"predecessor-version":[{"id":3814,"href":"https:\/\/www.avalanche-fashion.be\/rest\/wp\/v2\/pages\/2\/revisions\/3814"}],"wp:attachment":[{"href":"https:\/\/www.avalanche-fashion.be\/rest\/wp\/v2\/media?parent=2"}],"curies":[{"name":"wp","href":"https:\/\/api.w.org\/{rel}","templated":true}]}}